{"id":1839,"date":"2015-10-13T15:08:24","date_gmt":"2015-10-13T15:08:24","guid":{"rendered":"https:\/\/peyerpartner.ch\/?page_id=1839"},"modified":"2026-04-28T15:05:08","modified_gmt":"2026-04-28T13:05:08","slug":"publications","status":"publish","type":"page","link":"https:\/\/peyerpartner.ch\/en\/publications\/","title":{"rendered":"Publications"},"content":{"rendered":"<p><span style=\"text-decoration: underline;\"><strong>2026:<\/strong><\/span><\/p>\n<p>Publikationen von <a href=\"https:\/\/peyerpartner.ch\/ueli-vogel-etienne\/\">Ueli Vogel-Etienne<\/a> \/ <a href=\"https:\/\/peyerpartner.ch\/annegret-lautenbach-2-2\/\">Annegret Lautenbach-Koch<\/a><\/p>\n<ul>\n<li>Angeordnete Streitbeilegung &#8211; Auslagerung von Konfliktl\u00f6sungen aus dem Gerichtssaal, Z\u00fcrich 2026<\/li>\n<li><strong><a href=\"https:\/\/peyerpartner.ch\/wp_live\/wp-content\/uploads\/2019\/12\/260417_ZNZZ_NEHP_018000_4_01.pdf\">Scheidungszank vor Schiedsgericht?<\/a><\/strong> &#8211; Gastkommentar &#8211; NZZ, 17.04.2026<\/li>\n<\/ul>\n<p><span style=\"text-decoration: underline;\"><strong>2025:<\/strong><\/span><\/p>\n<p>Publikationen von <a href=\"https:\/\/peyerpartner.ch\/ueli-vogel-etienne\/\">Ueli Vogel-Etienne<\/a><\/p>\n<ul>\n<li><a href=\"https:\/\/peyerpartner.ch\/wp_live\/wp-content\/uploads\/2025\/05\/Paragrafenreiterei.pdf\" target=\"_blank\" rel=\"noopener\"><strong>Unn\u00fctze Paragrafenreiterei<\/strong><\/a> &#8211; Gastkommentar &#8211; NZZ, 28.04.2025<\/li>\n<li><a href=\"https:\/\/peyerpartner.ch\/wp_live\/wp-content\/uploads\/2025\/05\/Verordnete_Streitschlichtung.pdf\" target=\"_blank\" rel=\"noopener\"><strong>Verordnete<\/strong> <strong>Streitschlichtung<\/strong><\/a> &#8211; pl\u00e4doyer 2\/2025<\/li>\n<\/ul>\n<p>Publikationen von <a href=\"https:\/\/peyerpartner.ch\/sine_selman\/\">Sine Selman<\/a><\/p>\n<ul>\n<li><a href=\"https:\/\/anwaltsrevue.recht.ch\/de\/artikel\/06arv0425the\/erfolgreiche-strafverteidigung-mehr-als-ein-freispruch\" target=\"_blank\" rel=\"noopener\"><strong>Erfolgreiche Strafverteidigung \u2013 mehr als ein Freispruch<\/strong><\/a> &#8211; 04\/2025\u00a0 &#8211; Anwaltsrevue|Revue de l&#8217;avocat 4\/2025 | S. 167\u2013171<\/li>\n<li>Kommentierung der Art. 137-145 (Verm\u00f6gensdelikte) in Graf, Damian K. (Hrsg.) StGB Annotierter Kommentar, 2. Aufl., 2025 (gemeinsam mit Monika Simmler)<\/li>\n<li>Kommentierung der Art. 47-55a (Strafzumessung) in Graf, Damian K. (Hrsg.) StGB Annotierter Kommentar, 2. Aufl., 2025 (gemeinsam mit Monika Simmler)<\/li>\n<li>Kommentierung der Art. 381-385 (Begnadigung, Amnestie, Wiederaufnahme) in Graf, Damian K. (Hrsg.) StGB Annotierter Kommentar, 2. Aufl., 2025 (gemeinsam mit Monika Simmler)<\/li>\n<\/ul>\n<p>Publikationen von <a href=\"https:\/\/peyerpartner.ch\/gianmarco-coluccia\/\">Gianmarco Coluccia<\/a> \/ <a href=\"https:\/\/peyerpartner.ch\/sine_selman\/\">Sine Selman<\/a><\/p>\n<ul>\n<li><strong><a href=\"https:\/\/peyerpartner.ch\/wp_live\/wp-content\/uploads\/2026\/01\/Entsperrt-aber-unverwertbar.-Von-der-Erfragung-des-PIN-Codes-zum-Siegelungsverzicht-anlaesslich-der-Hausdurchsuchung-\u2013-Besprechung-von-BGE-151-IV-73.pdf\" target=\"_blank\" rel=\"noopener\">\u00abEntsperrt, aber unverwertbar\u00bb<\/a><\/strong>. Von der Erfragung des PIN-Codes zum Siegelungsverzicht anl\u00e4sslich der Hausdurchsuchung \u2013 Besprechung von BGE 151 IV 73 \u2013 forumpoenale 6\/2025, S. 442 ff.<\/li>\n<\/ul>\n<p><span style=\"text-decoration: underline;\"><strong>2024:<\/strong><\/span><\/p>\n<p>Publikationen von <a href=\"https:\/\/peyerpartner.ch\/desiree-von-gruenigen\/\">D\u00e9sir\u00e9e von Gr\u00fcnigen<\/a><\/p>\n<ul>\n<li><span style=\"font-weight: 400;\"><strong><a href=\"https:\/\/peyerpartner.ch\/wp_live\/wp-content\/uploads\/2025\/05\/Der-nachlaessige-Testator-und-die-unerwuensch-te-Ersatzerbin-_-iusNet-Erbrecht.pdf\" target=\"_blank\" rel=\"noopener\">Der nachl\u00e4ssige Testator und die unerw\u00fcnschte Ersatzerbin<\/a> &#8211; <\/strong>iusNet ErbR 28.10.2024<\/span><\/li>\n<\/ul>\n<p>Publikationen von <a href=\"https:\/\/peyerpartner.ch\/sine_selman\/\">Sine Selman<\/a><\/p>\n<ul>\n<li><span style=\"font-weight: 400;\"><strong><a href=\"https:\/\/peyerpartner.ch\/wp_live\/wp-content\/uploads\/2024\/11\/SELMAN-SINE-Entwicklung-der-Verteidigungskonzeption-Anwaltsrevue-10-2024-3036853.pdf\" target=\"_blank\" rel=\"noopener\">Entwicklung der Verteidigungskonzeption, Eine Praxishilfe<\/a><\/strong>, Anwaltsrevue 10\/2024 (zusammen mit A. Agostino-Passerini, A. Baur, St. Bernard, M. Giunuzoglu und D. Wipf)<\/span><\/li>\n<li><span style=\"font-weight: 400;\"><strong><a href=\"https:\/\/www.dike.ch\/catalog\/product\/view\/id\/202681\/category\/68\/\" target=\"_blank\" rel=\"noopener\">Sympathisant der Klimabewegung oder unabh\u00e4ngiger Richter, der seine eigene Rechtsauffassung hochh\u00e4lt?<\/a><\/strong> &#8211; Besprechung von BGer, 7B_601\/2023, 22.03.2024, in: AJP 8\/2024, S. 857-862<\/span><\/li>\n<\/ul>\n<p>Publikationen von <a href=\"https:\/\/peyerpartner.ch\/ueli-vogel-etienne\/\">Ueli Vogel-Etienne<\/a><\/p>\n<ul>\n<li><strong><a title=\"Es fehlt an Fantasie\" href=\"https:\/\/peyerpartner.ch\/wp_live\/wp-content\/uploads\/2024\/08\/Ueli-Vogel-Etienne-Annegret-Lautenbach-Koch-Konfliktloesungen-Es-fehlt-an-Fantasie-legalis-brief-FamR-30-07-2024.pd-f.pdf\" target=\"_blank\" rel=\"noopener\">Es fehlt an Fantasie<\/a><\/strong>, in: Leitartikel im Legalis-Brief<\/li>\n<li><strong><a href=\"https:\/\/peyerpartner.ch\/wp_live\/wp-content\/uploads\/2024\/07\/240610_ZNZZ_NEHP_018000_4_01.pdf\" target=\"_blank\" rel=\"noopener\">Kindeswohl braucht Elternwohl &#8211; Gastkommentar in der NZZ vom 10. Juni 2024<\/a>\u00a0<\/strong><\/li>\n<li><strong><a title=\"Pl\u00e4doyer 4\/2024\" href=\"https:\/\/peyerpartner.ch\/wp_live\/wp-content\/uploads\/2024\/08\/20240710065008717.pdf\" target=\"_blank\" rel=\"noopener\">Alles oder nichts, in: Pl\u00e4doyer 4\/2024<\/a><\/strong><\/li>\n<\/ul>\n<p>Publikationen von <a href=\"https:\/\/peyerpartner.ch\/manuel-duss-2\/\">Manuel Duss<\/a><\/p>\n<ul>\n<li><span style=\"font-weight: 400;\"><strong><a href=\"https:\/\/fampra.recht.ch\/de\/artikel\/04fampra0324auf\/anmerkungen-zur-behandlung-von-kryptowahrungen-im-guterrecht\" target=\"_blank\" rel=\"noopener\">Anmerkungen zur Behandlung von Kryptow\u00e4hrungen im G\u00fcterrecht<\/a><\/strong>, in: FamPra.ch 3\/2024, S. 616-646<\/span><\/li>\n<\/ul>\n<p><span style=\"text-decoration: underline;\"><strong>2023:<\/strong><\/span><\/p>\n<p>Publikationen von <a href=\"https:\/\/peyerpartner.ch\/ueli-vogel-etienne\/\">Ueli Vogel-Etienne<\/a><\/p>\n<ul>\n<li><strong><a href=\"https:\/\/peyerpartner.ch\/wp_live\/wp-content\/uploads\/2019\/12\/Hohe-Kosten-und-elend-lange-Prozesse.pdf\" target=\"_blank\" rel=\"noopener\">Hohe Kosten und elend lange Prozesse &#8211; Gastkommentar in der NZZ vom 23. Oktober 2023<\/a>\u00a0<\/strong><\/li>\n<li><strong><a href=\"https:\/\/peyerpartner.ch\/wp_live\/wp-content\/uploads\/2019\/12\/14-17-PL-0523-INS-MV-ESSAY-Vogel-LOW.pdf\" target=\"_blank\" rel=\"noopener\">Gerichte f\u00f6rdern den Schlagabtausch statt die Konfliktl\u00f6sung, <\/a><a href=\"https:\/\/peyerpartner.ch\/wp_live\/wp-content\/uploads\/2019\/12\/14-17-PL-0523-INS-MV-ESSAY-Vogel-LOW.pdf\">in: PLAEDOYER 5\/2023<\/a><\/strong><\/li>\n<\/ul>\n<p>Publikationen von <a href=\"https:\/\/peyerpartner.ch\/sine_selman\/\">Sine Selman<\/a><\/p>\n<ul>\n<li><strong><a href=\"https:\/\/peyerpartner.ch\/wp_live\/wp-content\/uploads\/2024\/07\/Die-Verwendung-von-KI-und-ChatGPT-im-Anwaltsberuf-in-Anwaltsrevue-6-7-2023-2972421.pdf\" target=\"_blank\" rel=\"noopener\">Die Verwendung von KI und ChatGPT im Anwaltsberuf <\/a><\/strong>in:<strong> <span style=\"font-weight: 400;\">Anwaltsrevue 7\/2023<\/span><\/strong><\/li>\n<li><strong><a href=\"https:\/\/peyerpartner.ch\/wp_live\/wp-content\/uploads\/2012\/06\/KI-und-ChatGPT-im-Anwaltsberuf-SELMAN-BURRICHTER-HUBLI-2808874.pdf\">KI und ChatGPT im Anwaltsberuf<\/a>,<\/strong> Anwaltsrevue 7\/2023<\/li>\n<\/ul>\n<p>Publikationen von <a href=\"https:\/\/peyerpartner.ch\/gianmarco-coluccia\/\">Gianmarco Coluccia<\/a><\/p>\n<ul>\n<li><strong><a href=\"https:\/\/peyerpartner.ch\/wp_live\/wp-content\/uploads\/2024\/02\/Nutzniessung-oder-Wohnrecht-Was-ist-sinnvoller-beim-Eigenheim-Artikel-in-der-Wohnwirtschaft-HEV-Aargau-Nr.-78-2023.pdf\">Nutzniessung oder Wohnrecht &#8211; Was ist sinnvoller beim Eigenheim<\/a><\/strong> (Artikel in der Wohnwirtschaft HEV Aargau, Nr. 7,8-2023)<\/li>\n<li><strong><a href=\"https:\/\/peyerpartner.ch\/wp_live\/wp-content\/uploads\/2024\/02\/Kann-ich-einen-Nachmieter-ablehen-Artikel-in-der-Wohnwirtschaft-HEV-Aargau-Nr.-1_2-2023.pdf\">Kann ich einen Nachmieter ablehnen <\/a><\/strong>(Artikel in der Wohnwirtschaft HEV Aargau, Nr. 1_2 2023)<\/li>\n<\/ul>\n<p><span style=\"text-decoration: underline;\"><strong>2022:<\/strong><\/span><\/p>\n<p>Publikation von <a href=\"https:\/\/peyerpartner.ch\/ra-karin-meyer\/\">Karin Meyer<\/a><\/p>\n<ul>\n<li><strong>Klage auf Ab\u00e4nderung des Scheidungsurteil (ZGB 129, 134): nachehelicher Unterhalt<\/strong>, Kinderbelange, in: Fischer\/Theus Simoni\/Gessler (Hrsg.), Kommentierte Musterklagen zum Familienrecht, 2. Aufl., Bd. IV, 2022 Z\u00fcrich<\/li>\n<li><strong><a href=\"https:\/\/beck-online.beck.de\/?vpath=bibdata%2Fkomm%2FRieckKoAuslFamR_23%2Fcont%2FRieckKoAuslFamR.Schweiz.glud9.htm\" target=\"_blank\" rel=\"noopener\">Schweiz, in Rieck\/Lettmaier AuslFamR<\/a>, <\/strong>Werkstand:\u00a023. EL August 2022<\/li>\n<\/ul>\n<p>Publikation von <a href=\"https:\/\/peyerpartner.ch\/daniela-fischer\/\">Daniela Fischer<\/a><\/p>\n<ul>\n<li><strong>Klage auf Scheidung (begr\u00fcndete Eingabe, lebenspr\u00e4gende Ehe, zweistufige Unterhaltsberechnung)<\/strong>, in: Fischer\/Theus Simoni\/Gessler (Hrsg.), Kommentierte Musterklagen zum Familienrecht, 2. Aufl., Bd. IV, 2022 Z\u00fcrich<\/li>\n<\/ul>\n<p>Publikation von <a href=\"https:\/\/peyerpartner.ch\/ueli-vogel-etienne\/\">Annegret-Lautenbach-Koch<\/a><\/p>\n<ul>\n<li><strong>Klage auf Scheidung (begr\u00fcndete Eingabe, einstufige Unterhaltsberechnung, \u00fcberdurchschnittliche wirtschaftliche Verh\u00e4ltnisse, selbst\u00e4ndige Erwerbst\u00e4tigkeit)<\/strong>, in: Fischer\/Theus Simoni\/Gessler (Hrsg.), Kommentierte Musterklagen zum Familienrecht, 2. Aufl., Bd. IV, 2022 Z\u00fcrich<\/li>\n<\/ul>\n<p>Publikation von <a href=\"https:\/\/peyerpartner.ch\/ueli-vogel-etienne\/\">Ueli Vogel-Etienne<\/a> und <a href=\"https:\/\/peyerpartner.ch\/annegret-lautenbach-2-2\/\">Annegret Lautenbach-Koch<\/a>:<\/p>\n<ul>\n<li><a href=\"https:\/\/peyerpartner.ch\/wp_live\/wp-content\/uploads\/2022\/12\/Sterben-macht-Erben-in-Perspektive-Mediation-Nr.-42022.pdf\"><strong>Sterben macht Erben<\/strong>, in Perspektive Mediation Nr. 4\/2022<\/a><\/li>\n<\/ul>\n<p>Publikationen von <a href=\"https:\/\/peyerpartner.ch\/ueli-vogel-etienne\/\">Ueli Vogel-Etienne<\/a><\/p>\n<ul>\n<li><strong><a href=\"https:\/\/peyerpartner.ch\/wp_live\/wp-content\/uploads\/2022\/07\/Wozu-Anwaelte-Gastkommentar-in-der-NZZ-vom-3.-Juni-2022.pdf\">Wozu Anw\u00e4lte? &#8211; Gastkommentar in der NZZ vom 3. Juni 2022<\/a><\/strong><\/li>\n<li><strong><a href=\"https:\/\/peyerpartner.ch\/wp_live\/wp-content\/uploads\/2022\/07\/Sammelklagen-sind-keine-Loesung-Gastkommentar-in-der-NZZ-vom-14.-Februar-2022.pdf\">Sammelklagen sind keine L\u00f6sung &#8211; Gastkommentar in der NZZ vom 14. Februar 2022<\/a><\/strong><\/li>\n<\/ul>\n<p>Publikationen von <a href=\"https:\/\/peyerpartner.ch\/diana-follpracht\/\">Diana Follpracht<\/a><\/p>\n<ul>\n<li><strong><a href=\"https:\/\/familienrecht.iusnet.ch\/de\/kommentierung\/bund\/unterhaltsrecht\/praxis%C3%A4nderung-umfang-der-subrogation-bei-familienrechtlicher\" target=\"_blank\" rel=\"noopener\">Praxis\u00e4nderung: Umfang der Subrogation bei familienrechtlicher Unterhaltsbevorschussung und Sachlegitimation des bevorschussenden Gemeinwesens<\/a><\/strong>, Urteilskommentierung BGer 5A_75\/2020 vom 12. Januar 2022<strong>,\u00a0<\/strong>in: iusNet FamR 4\/2022<\/li>\n<li><strong>Klage auf Erg\u00e4nzung eines ausl\u00e4ndischen Scheidungsurteils<\/strong>, in: Fischer\/Theus Simoni\/Gessler (Hrsg.), Kommentierte Musterklagen zum Familienrecht, 2. Aufl., Bd. IV, 2022 Z\u00fcrich<\/li>\n<\/ul>\n<p>Publikation von <a href=\"https:\/\/peyerpartner.ch\/massimo-vecchie\/\">Massimo Vecchi\u00e8<\/a><\/p>\n<ul>\n<li><strong>Geteilte Obhut um jeden Preis? Zur Zul\u00e4ssigkeit alternierender Obhut bei angespannten finanziellen Verh\u00e4ltnissen<\/strong>, in: Aktuelle Juristische Praxis (AJP), 07\/2022, S. 696-714 (zusammen mit Dr. iur. Philipp Maier)<\/li>\n<\/ul>\n<p><span style=\"text-decoration: underline;\"><strong>2021:<\/strong><\/span><\/p>\n<p>Publikation von <a href=\"https:\/\/peyerpartner.ch\/ueli-vogel-etienne\/\">Ueli Vogel-Etienne<\/a><\/p>\n<ul>\n<li><strong><a href=\"https:\/\/peyerpartner.ch\/wp_live\/wp-content\/uploads\/2021\/12\/1588_001.pdf\">Mutlos unterwegs &#8211; Alternative Konfliktl\u00f6sungen haben es hierzulande schwer<\/a><\/strong>, in: PL\u00c4DOYER 6\/2021<\/li>\n<\/ul>\n<p>Publikation von <a href=\"https:\/\/peyerpartner.ch\/nicole-breitenmoser\/\">Nicole Schneider<\/a>:<\/p>\n<ul>\n<li><a href=\"https:\/\/peyerpartner.ch\/wp_live\/wp-content\/uploads\/2012\/06\/Der-Brexit-und-seine-ausl%C3%A4nderrechtlichen-Folgen-in-Weka-Newsletter-Arbeitsrecht-02-2021-2522428.pdf\"><strong>Der Brexit und seine ausl\u00e4nderrechtlichen Folgen<\/strong><\/a>, in: Weka Newsletter Arbeitsrecht (02\/2021)<\/li>\n<\/ul>\n<p>Publikation von <a href=\"https:\/\/peyerpartner.ch\/ra-karin-meyer\/\">Karin Meyer<\/a><\/p>\n<ul>\n<li><strong>Unterhaltsberechnung: Ist jetzt alles klar?<\/strong> in: FamPra 4\/2021, S. 896-912<\/li>\n<\/ul>\n<p>Publikationen von <a href=\"https:\/\/peyerpartner.ch\/gianmarco-coluccia\/\">Gianmarco Coluccia<\/a><\/p>\n<ul>\n<li><strong><a href=\"https:\/\/peyerpartner.ch\/wp_live\/wp-content\/uploads\/2024\/02\/Mietzinserhoehung-Wie-vorgehen-Artikel-in-der-Wohnwirtschaft-HEV-Aargau-Nr.-9-2021.pdf\">Mietzinserh\u00f6hung &#8211; Wie vorgehen <\/a><\/strong>(Artikel in der Wohnwirtschaft HEV Aargau, Nr. 9-2021)<\/li>\n<li><strong><a href=\"https:\/\/peyerpartner.ch\/wp_live\/wp-content\/uploads\/2024\/02\/ius-focus-2021-Nr-43.pdf\">Beschwerde in Zivilsachen als ausserordentliches Rechtsmittel<\/a><\/strong>; ius.focus 2021, Nr. 43<\/li>\n<\/ul>\n<p><span style=\"text-decoration: underline;\"><strong>2020:<\/strong><\/span><\/p>\n<p>Publikation von <a href=\"https:\/\/peyerpartner.ch\/ueli-vogel-etienne\/\">Ueli Vogel-Etienne<\/a> und <a href=\"https:\/\/peyerpartner.ch\/annegret-lautenbach-2-2\/\">Annegret Lautenbach-Koch<\/a><\/p>\n<ul>\n<li><a href=\"https:\/\/peyerpartner.ch\/wp_live\/wp-content\/uploads\/2020\/09\/Von-der-Mediation-zum-Kooperativen-Verhandeln-\u2013-Collaborative-Law-Practice-als-alternatives-Verfahren-zur-Konfliktl\u00f6sung.pdf\"><strong>Von der Mediation zum Kooperativen Verhandeln \u2013 Collaborative Law &amp; Practice als alternatives Verfahren zur Konfliktl\u00f6sung<\/strong><\/a>, Z\u00fcrich, 2020<\/li>\n<\/ul>\n<p>Publikationen von <a href=\"https:\/\/peyerpartner.ch\/nicole-breitenmoser\/\">Nicole Schneider<\/a><\/p>\n<ul>\n<li><strong><a href=\"https:\/\/peyerpartner.ch\/wp_live\/wp-content\/uploads\/2020\/09\/Fristlose-K%C3%BCndigung-Vorsicht-ist-geboten-in-personalSCHWEIZ-09-2020-2488328.pdf\">Fristlose K\u00fcndigung: Vorsicht geboten<\/a><\/strong>, in: personalSCHWEIZ (07\/2020)<\/li>\n<li><a href=\"https:\/\/peyerpartner.ch\/wp_live\/wp-content\/uploads\/2020\/09\/Fallstricke-beim-Aufhebungsvertrag-in-personalSCHWEIZ-02-2020-2488349.pdf\"><strong>Fallstricke beim Aufhebungsvertrag<\/strong><\/a>, in: personalSCHWEIZ (02\/2020)<\/li>\n<\/ul>\n<p>Publikationen von <a href=\"https:\/\/peyerpartner.ch\/sine_selman\/\">Sine Selman<\/a><\/p>\n<ul>\n<li><a href=\"https:\/\/www.staempfliverlag.com\/detail\/ISBN-9783727216121\/Annotierter-Kommentar-StGB\"><strong>Kommentierung der Art. 137-145 (Verm\u00f6gensdelikte) in Graf, Damian K. (Hrsg.) StGB Annotierter Kommentar (pp. 812-894)<\/strong>.<\/a>\u00a0St\u00e4mpfli Verlag, 2020 (gemeinsam mit Monika Simmler)<\/li>\n<li><a href=\"https:\/\/www.staempfliverlag.com\/detail\/ISBN-9783727216121\/Annotierter-Kommentar-StGB\"><strong>Kommentierung der Art. 47-55a (Strafzumessung) in Graf, Damian K. (Hrsg.) StGB Annotierter Kommentar (pp. 812-894)<\/strong>.\u00a0<\/a>St\u00e4mpfli Verlag, 2020 (gemeinsam mit Monika Simmler)<\/li>\n<li><a href=\"https:\/\/www.staempfliverlag.com\/detail\/ISBN-9783727216121\/Annotierter-Kommentar-StGB\"><strong>Kommentierung der Art. 381-385 (Begnadigung, Amnestie, Wiederaufnahme) in Graf, Damian K. (Hrsg.) StGB Annotierter Kommentar (pp. 812-894)<\/strong>.<\/a>\u00a0St\u00e4mpfli Verlag, 2020 (gemeinsam mit Monika Simmler)<\/li>\n<\/ul>\n<p>Publikationen von <a href=\"https:\/\/peyerpartner.ch\/gianmarco-coluccia\/\">Gianmarco Coluccia<\/a><\/p>\n<ul>\n<li><strong>Sport und COVID-19, in: COVID-19: Ein Panorama der Rechtsfragen zur Corona-Krise<\/strong>, Helbling Lichtenhahn Verlag (Hrsg.), Basel\u00a0 Juli 2020<\/li>\n<li><strong><a href=\"https:\/\/peyerpartner.ch\/wp_live\/wp-content\/uploads\/2024\/02\/ius-focus-2020-Nr-206.pdf\">Verletzung des rechtlichen Geh\u00f6rs bei versp\u00e4teter Feststellung der Postulationsunf\u00e4higkeit<\/a><\/strong>; ius.focus 2020, Nr. 206<\/li>\n<li><strong><a href=\"https:\/\/peyerpartner.ch\/wp_live\/wp-content\/uploads\/2024\/02\/ius-focus-2020-Nr-152.pdf\">Bei Fehlen von Angaben zum Streitwert trifft das Gericht eine Fragepflicht<\/a>;<\/strong> ius.focus 2020, Nr. 152<\/li>\n<\/ul>\n<p><span style=\"text-decoration: underline;\"><strong>2019:<\/strong><\/span><\/p>\n<p>Publikation von <a href=\"https:\/\/peyerpartner.ch\/ueli-vogel-etienne\/\">Ueli Vogel-Etienne<\/a><\/p>\n<ul>\n<li><a href=\"https:\/\/peyerpartner.ch\/wp_live\/wp-content\/uploads\/2019\/06\/Konfliktl\u00f6sung-wie-im-alten-Rom.pdf\"><strong>Konfliktl\u00f6sung wie im alten Rom<\/strong><\/a>, in: PL\u00c4DOYER 5\/2019<\/li>\n<\/ul>\n<p>Publikationen von <a href=\"https:\/\/peyerpartner.ch\/nicole-breitenmoser\/\">Nicole Schneider<\/a><\/p>\n<ul>\n<li><strong><a href=\"https:\/\/peyerpartner.ch\/wp_live\/wp-content\/uploads\/2020\/09\/Integration-Ausl%C3%A4nder-in-der-Pflicht-in-WEKA-Newsletter-Arbeitsrecht-4-2019-2488324.pdf\">Integration: Ausl\u00e4nder in der Pflicht<\/a><\/strong>, in: WEKA Newsletter Arbeitsrecht (4\/2019)<\/li>\n<li><a href=\"https:\/\/peyerpartner.ch\/wp_live\/wp-content\/uploads\/2020\/09\/190409_Schneider_Gfeller_PoliMili.pdf\"><strong>Landesverweisung und das Schengener Informationssystem<\/strong><\/a>, in: Sicherheit &amp; Recht (1\/2019) (zusammen mit Diego R. Gfeller)<\/li>\n<\/ul>\n<p><span style=\"text-decoration: underline;\"><strong>2018:<\/strong><\/span><\/p>\n<p>Publikationen von <a href=\"https:\/\/peyerpartner.ch\/ueli-vogel-etienne\/\">Ueli Vogel-Etienne<\/a><\/p>\n<ul>\n<li><a href=\"https:\/\/peyerpartner.ch\/wp_live\/wp-content\/uploads\/2015\/01\/X2215244.pdf\"><b>Vers\u00f6hnung statt Vergeltung<\/b><\/a>, in: PL\u00c4DOYER 2\/2018.<\/li>\n<\/ul>\n<p>Publikationen von <a href=\"https:\/\/peyerpartner.ch\/sine_selman\/\">Sine Selman<\/a><\/p>\n<ul>\n<li><strong><a href=\"https:\/\/peyerpartner.ch\/wp_live\/wp-content\/uploads\/2019\/04\/1_Beschlagnahme-von-Kryptowa%CC%88hrungen_AJP_8_2018_S.-963-ff_.pdf\" target=\"_blank\" rel=\"noopener\">Beschlagnahme von Kryptow\u00e4hrungen im Strafverfahren, in: Aktuelle Juristische Praxis<\/a><\/strong>\u00a0(AJP), 8\/2018 Z\u00fcrich\/St. Gallen (zusammen mit Monika Simmler und Daniel Burgermeister)<\/li>\n<li><strong><a href=\"https:\/\/peyerpartner.ch\/wp_live\/wp-content\/uploads\/2019\/04\/2_%C2%ABShitstorm%C2%BB-%E2%80%93-strafrechtliche-Dimensionen-eines-neuen-Pha%CC%88nomens_ZStRr_2-2018_S.-248-ff_.pdf\" target=\"_blank\" rel=\"noopener\">\u00abShitstorm\u00bb \u2013 Strafrechtliche Dimensionen eines neuen Ph\u00e4nomens, in: Schweizerische Zeitschrift f\u00fcr Strafrecht<\/a><\/strong>\u00a0(ZStrR), 3\/2018 Bern (zusammen mit Monika Simmler)<\/li>\n<li><a href=\"https:\/\/peyerpartner.ch\/wp_live\/wp-content\/uploads\/2019\/04\/3_Shitstorms-als-strafprozessuale-Begleiterscheinung_forumpoenale_5_2018_S.-433-ff_.pdf\" target=\"_blank\" rel=\"noopener\"><strong>\u00abShitstorms\u00bb als strafprozessuale Begleiterscheinung, in: forumpoenale<\/strong><\/a>, 5\/2018 Bern (zusammen mit Monika Simmler)<\/li>\n<\/ul>\n<p><span style=\"text-decoration: underline;\"><strong>2017:<\/strong><\/span><\/p>\n<p>Publikationen von <a href=\"https:\/\/peyerpartner.ch\/ueli-vogel-etienne\/\">Ueli Vogel-Etienne<\/a><\/p>\n<ul>\n<li><a href=\"https:\/\/peyerpartner.ch\/wp_live\/wp-content\/uploads\/2017\/03\/In-L%C3%B6sungen-investieren-Vogel-Lautenbach-2119442.pdf\"><strong>In L\u00f6sungen investieren<\/strong><\/a><br \/>\n<a href=\"https:\/\/peyerpartner.ch\/wp_live\/wp-content\/uploads\/2017\/03\/In-L%C3%B6sungen-investieren-Vogel-Lautenbach-2119442.pdf\">Newsletter ITERA vom 21. M\u00e4rz 2017<\/a><\/li>\n<\/ul>\n<p>Publikation von <a href=\"https:\/\/peyerpartner.ch\/daniela-fischer\/\">Daniela Fischer<\/a><\/p>\n<ul>\n<li><strong><a href=\"https:\/\/peyerpartner.ch\/wp_live\/wp-content\/uploads\/2017\/08\/Fischer-Unternehmensnachfolge.pdf\" target=\"_blank\" rel=\"noopener\">Unternehmensnachfolge: Familienrechtliche Aspekte<\/a>,<\/strong> in: Rechtssicher 4\/2017.<\/li>\n<li><a href=\"https:\/\/peyerpartner.ch\/wp_live\/wp-content\/uploads\/2017\/01\/Fischer_Wyrsch-Baurecht-kompakt-Grundeigentum-in-der-Ehe.pdf\"><strong>Grundeigentum in der Ehe &#8211; Stolpersteine, die es zu beachten gilt<\/strong><\/a>, in: Baurecht kompakt 1\/2017 (zusammen mit R. Wyrsch).<\/li>\n<\/ul>\n<p>Publikation von <a href=\"https:\/\/peyerpartner.ch\/ueli-vogel-etienne\/\">Ueli Vogel-Etienne <\/a>und <a href=\"https:\/\/peyerpartner.ch\/ueli-vogel-etienne\/\">Annegret Lautenbach-Koch<\/a><\/p>\n<ul>\n<li><strong><a href=\"https:\/\/peyerpartner.ch\/wp_live\/wp-content\/uploads\/2017\/03\/In-L%C3%B6sungen-investieren-Vogel-Lautenbach-2119442.pdf\">In L\u00f6sungen investieren<\/a><\/strong>, in:\u00a0newsletter itera vom 21. M\u00e4rz 2017.<\/li>\n<\/ul>\n<p>Publikation von <a href=\"https:\/\/peyerpartner.ch\/ra-karin-meyer\/\">Karin Meyer<\/a><\/p>\n<ul>\n<li><strong><a href=\"https:\/\/peyerpartner.ch\/wp_live\/wp-content\/uploads\/2017\/07\/Meyer-AJP-2017-Wegzug-mit-Kind.pdf\">Wegzug mit Kind<\/a><\/strong>, in: AJP 7\/2017, 823-825.<\/li>\n<\/ul>\n<p><span style=\"text-decoration: underline;\"><strong>2016:<\/strong><\/span><\/p>\n<p>Publikation von <a href=\"https:\/\/peyerpartner.ch\/ueli-vogel-etienne\/\">Ueli Vogel-Etienne <\/a>und <a href=\"https:\/\/peyerpartner.ch\/ueli-vogel-etienne\/\">Annegret Lautenbach-Koch<\/a><\/p>\n<ul>\n<li><strong><a href=\"https:\/\/peyerpartner.ch\/wp_live\/wp-content\/uploads\/2016\/07\/X2037766.pdf\">Kindesvertreter k\u00f6nnen nicht gleichzeitig Gutachter sein<\/a><\/strong><br \/>\nPl\u00e4doyer 4\/2016<\/li>\n<\/ul>\n<p>Publikation von <a href=\"https:\/\/peyerpartner.ch\/daniela-fischer\/\">Daniela Fischer:<\/a><\/p>\n<ul>\n<li><strong><a href=\"https:\/\/www.schulthess.com\/buchshop\/fachkatalog\/aktuell\/musterklagen\">Kommentierte Musterklage: Klage auf Scheidung (begr\u00fcndete Eingabe, mittelst\u00e4ndische Verh\u00e4ltnisse)<\/a><\/strong>, in: Fischer\/Theus Simoni\/Gessler (Hrsg.), Kommentierte Musterklagen zum Familienrecht, Bd. IV, Z\u00fcrich 2016.<\/li>\n<\/ul>\n<p>Publikation von <a href=\"https:\/\/peyerpartner.ch\/ra-karin-meyer\/\">Karin Meyer<\/a><\/p>\n<ul>\n<li><strong><a href=\"https:\/\/www.schulthess.com\/buchshop\/fachkatalog\/aktuell\/musterklagen\">Kommentierte Musterklage: Klage auf Ab\u00e4nderung des Scheidungsurteils<\/a>, <\/strong>in: Fischer\/Theus Simoni\/Gessler (Hrsg.), Kommentierte Musterklagen zum Familienrecht, Bd. IV, Z\u00fcrich 2016.<\/li>\n<\/ul>\n<p>Publikationen von <a href=\"https:\/\/peyerpartner.ch\/ueli-vogel-etienne\/\">Annegret-Lautenbach-Koch<\/a><\/p>\n<ul>\n<li><strong><a href=\"https:\/\/www.schulthess.com\/buchshop\/fachkatalog\/aktuell\/musterklagen\">Kommentierte Musterklage: Klage auf Scheidung (begr\u00fcndete Eingabe, reiche Verh\u00e4ltnisse)<\/a><\/strong>, in: Fischer\/Theus Simoni\/Gessler (Hrsg.), Kommentierte Musterklagen zum Familienrecht, Bd. IV, Z\u00fcrich 2016.<\/li>\n<li><strong><a href=\"https:\/\/peyerpartner.ch\/wp_live\/wp-content\/uploads\/2016\/12\/X2086654.pdf\">Rechtliche Aspekte bei der Unternehmensbewertung und Unternehmensbewertung im G\u00fcterrecht<\/a><\/strong>, in: TREX Der Treuhandexperte 6\/2016 (zusammen mit Giorgio Meier-Mazzucato)<\/li>\n<li><a href=\"https:\/\/peyerpartner.ch\/wp_live\/wp-content\/uploads\/2017\/01\/Lautenbach_Partizipation_fruehe_Kindheit_und_Kinder_Artikel_RV_20161216.pdf\" target=\"_blank\" rel=\"noopener noreferrer\"><strong>Eine kindgerechte Justiz zur St\u00e4rkung der Kinder,<\/strong><\/a> in: <em>und<\/em>Kinder, Nr. 98, Dezember 2016 (zusammen mit Kinderanwaltschaft Schweiz).<\/li>\n<\/ul>\n<p><span style=\"text-decoration: underline;\"><strong>2015:<\/strong><\/span><\/p>\n<p>Publikationen von<a href=\"https:\/\/peyerpartner.ch\/ueli-vogel-etienne\/\"> Ueli Vogel-Etienne<\/a> und <a href=\"https:\/\/peyerpartner.ch\/ueli-vogel-etienne\/\">Annegret Lautenbach-Koch<\/a><\/p>\n<ul>\n<li><a href=\"https:\/\/peyerpartner.ch\/wp_live\/wp-content\/uploads\/2016\/01\/48_Vogel-Etienne_Lautenbach-Koch_Diener_Beauftragter_Mediator.pdf\"><strong>Vom Diener am Recht zum beauftragten Mediator<\/strong><\/a><br \/>\n<a href=\"https:\/\/peyerpartner.ch\/wp_live\/wp-content\/uploads\/2016\/01\/48_Vogel-Etienne_Lautenbach-Koch_Diener_Beauftragter_Mediator.pdf\"> Breitschmid et al. (Hrsg.), Tatsachen \u2013 Verfahren \u2013 Vollstreckung, Festschrift f\u00fcr Isaak Meier zum 65. Geburtstag, Z\u00fcrich 2015.<\/a><\/li>\n<\/ul>\n<p>Publikationen von <a href=\"https:\/\/peyerpartner.ch\/ueli-vogel-etienne\/\">Ueli Vogel-Etienne<\/a><\/p>\n<ul>\n<li><a href=\"https:\/\/peyerpartner.ch\/wp_live\/wp-content\/uploads\/2015\/01\/X1951658.pdf\"><strong>Moderne Justiz: Was ist heute noch gerecht?<\/strong> <\/a><br \/>\n<a href=\"https:\/\/peyerpartner.ch\/wp_live\/wp-content\/uploads\/2015\/01\/X1951658.pdf\">Gastkommentar in der NZZ vom 4. September 2015.<\/a><\/li>\n<\/ul>\n<p><span style=\"text-decoration: underline;\"><strong>2014:<\/strong><\/span><\/p>\n<p>Publikationen von <a href=\"https:\/\/peyerpartner.ch\/ueli-vogel-etienne\/\">Ueli Vogel-Etienne<\/a> und <a href=\"https:\/\/peyerpartner.ch\/ueli-vogel-etienne\/\">Annegret Lautenbach-Koch<\/a><\/p>\n<ul>\n<li><strong>Mediation in a Nutshell<\/strong><br \/>\n1. Aufl., St. Gallen\/Z\u00fcrich, 2014.<\/li>\n<\/ul>\n<p>Publikationen von <a href=\"https:\/\/peyerpartner.ch\/ueli-vogel-etienne\/\">Ueli Vogel-Etienne<\/a><\/p>\n<ul>\n<li><a href=\"https:\/\/peyerpartner.ch\/wp_live\/wp-content\/uploads\/2015\/01\/X1951659.pdf\"><strong>Konfliktl\u00f6sung als Anreizsystem<\/strong><br \/>\nGastkommentar in der NZZ vom 13.2.2014<\/a><\/li>\n<\/ul>\n<p><span style=\"text-decoration: underline;\"><strong>2013:<\/strong><\/span><\/p>\n<p>Publikationen von <a href=\"https:\/\/peyerpartner.ch\/ueli-vogel-etienne\/\">Ueli Vogel-Etienne<\/a><\/p>\n<ul>\n<li><a href=\"https:\/\/peyerpartner.ch\/wp_live\/wp-content\/uploads\/2015\/10\/X1951666.pdf\"><strong>Unverst\u00e4ndliche Justiz<br \/>\n<\/strong>Gastkommentar in der NZZ vom 22. Februar 2013.<\/a><\/li>\n<\/ul>\n<p>Publikationen von <a href=\"https:\/\/peyerpartner.ch\/ra-karin-meyer\/\">Karin Meyer<\/a><\/p>\n<ul>\n<li><strong>\u00abPro-Rata-Anspruch bei Boni zwingend?\u00bb<br \/>\n<\/strong>Anwaltsrevue 5\/2013, S. 216 ff.<\/li>\n<li><strong>Das Ehegatten- und Kindesunterhaltsrecht der Schweiz<\/strong>, in: FPR, C.H.Beck, 3\/2013, S. 83 \u2013 87<\/li>\n<li><strong>\u00abKindesentf\u00fchrung \u2013 Wie ist das HK\u00dc auszulegen?\u00bb<\/strong><br \/>\nFamPra.ch 1\/2013, S. 57 ff.<\/li>\n<\/ul>\n<p><span style=\"text-decoration: underline;\"><strong>2012:<\/strong><\/span><\/p>\n<p>Publikationen von Annegret <a href=\"https:\/\/peyerpartner.ch\/ueli-vogel-etienne\/\">Lautenbach-Koch<\/a> und Diego R. Gfeller<\/p>\n<ul>\n<li><a class=\"link\" href=\"https:\/\/peyerpartner.ch\/d\/wp-content\/uploads\/Machiavellistische-Mittel-in-familienrechtlichen-Verfahren.pdf\"><strong>Machiavellistische Mittel in familienrechtlichen Verfahren<\/strong><br \/>\nAnwaltsrevue 8\/2012<\/a><\/li>\n<\/ul>\n<p><span style=\"text-decoration: underline;\"><strong>2011:<\/strong><\/span><\/p>\n<p>Publikationen von <a href=\"https:\/\/peyerpartner.ch\/ra-karin-meyer\/\">Karin Meyer<\/a><\/p>\n<ul>\n<li><strong>\u00abWem steht das Aufenthaltsbestimmungsrecht zu?\u00bb<\/strong><br \/>\nAnwaltsrevue 3\/2011 S.129 f.<\/li>\n<\/ul>\n<p><span style=\"text-decoration: underline;\"><strong>1988<\/strong><\/span><\/p>\n<p>Publikationen von <a href=\"https:\/\/peyerpartner.ch\/ueli-vogel-etienne\/\">Ueli Vogel-Etienne<\/a><\/p>\n<ul>\n<li><strong>Sorgen mit Tieren: Ein juristischer Ratgeber<\/strong><\/li>\n<\/ul>\n<p><span style=\"text-decoration: underline;\"><strong>1985:<\/strong><\/span><\/p>\n<p>Publikationen von <a href=\"https:\/\/peyerpartner.ch\/ueli-vogel-etienne\/\">Ueli Vogel-Etienne<\/a><\/p>\n<ul>\n<li><strong>Irrweg Tierversuch<br \/>\n<\/strong><\/li>\n<\/ul>\n<p><span style=\"text-decoration: underline;\"><strong>1980:<\/strong><\/span><\/p>\n<p>Publikationen von <a href=\"https:\/\/peyerpartner.ch\/ueli-vogel-etienne\/\">Ueli Vogel-Etienne<\/a><\/p>\n<ul>\n<li><strong>Der bundesstrafrechtliche Tierschutz<\/strong><\/li>\n<\/ul>\n","protected":false},"excerpt":{"rendered":"<p>2026: Publikationen von Ueli Vogel-Etienne \/ Annegret Lautenbach-Koch Angeordnete Streitbeilegung &#8211; Auslagerung von Konfliktl\u00f6sungen aus dem Gerichtssaal, Z\u00fcrich 2026 Scheidungszank vor Schiedsgericht? &#8211; Gastkommentar &#8211; NZZ, 17.04.2026 2025: Publikationen von Ueli Vogel-Etienne Unn\u00fctze Paragrafenreiterei &#8211; Gastkommentar &#8211; NZZ, 28.04.2025 Verordnete Streitschlichtung &#8211; pl\u00e4doyer 2\/2025 Publikationen von Sine Selman Erfolgreiche Strafverteidigung \u2013 mehr als ein Freispruch [&hellip;]<\/p>\n","protected":false},"author":4,"featured_media":0,"parent":0,"menu_order":0,"comment_status":"closed","ping_status":"open","template":"","meta":{"_acf_changed":false,"footnotes":"","_links_to":"","_links_to_target":""},"class_list":["post-1839","page","type-page","status-publish","hentry"],"acf":[],"aioseo_notices":[],"_links":{"self":[{"href":"https:\/\/peyerpartner.ch\/en\/wp-json\/wp\/v2\/pages\/1839","targetHints":{"allow":["GET"]}}],"collection":[{"href":"https:\/\/peyerpartner.ch\/en\/wp-json\/wp\/v2\/pages"}],"about":[{"href":"https:\/\/peyerpartner.ch\/en\/wp-json\/wp\/v2\/types\/page"}],"author":[{"embeddable":true,"href":"https:\/\/peyerpartner.ch\/en\/wp-json\/wp\/v2\/users\/4"}],"replies":[{"embeddable":true,"href":"https:\/\/peyerpartner.ch\/en\/wp-json\/wp\/v2\/comments?post=1839"}],"version-history":[{"count":18,"href":"https:\/\/peyerpartner.ch\/en\/wp-json\/wp\/v2\/pages\/1839\/revisions"}],"predecessor-version":[{"id":4436,"href":"https:\/\/peyerpartner.ch\/en\/wp-json\/wp\/v2\/pages\/1839\/revisions\/4436"}],"wp:attachment":[{"href":"https:\/\/peyerpartner.ch\/en\/wp-json\/wp\/v2\/media?parent=1839"}],"curies":[{"name":"wp","href":"https:\/\/api.w.org\/{rel}","templated":true}]}}